{"id":9,"date":"2021-02-23T10:04:36","date_gmt":"2021-02-23T10:04:36","guid":{"rendered":"https:\/\/cubaprimero.org\/about-us\/"},"modified":"2025-12-03T19:18:21","modified_gmt":"2025-12-03T19:18:21","slug":"general-program","status":"publish","type":"page","link":"https:\/\/cubaprimero.org\/en\/general-program\/","title":{"rendered":"General Program"},"content":{"rendered":"\t\t<div data-elementor-type=\"wp-page\" data-elementor-id=\"9\" class=\"elementor elementor-9\" data-elementor-post-type=\"page\">\n\t\t\t\t<div class=\"elementor-element elementor-element-cfd4cfe e-flex e-con-boxed e-con e-parent\" data-id=\"cfd4cfe\" data-element_type=\"container\" data-e-type=\"container\" data-settings=\"{&quot;background_background&quot;:&quot;classic&quot;,&quot;background_motion_fx_translateY_effect&quot;:&quot;yes&quot;,&quot;background_motion_fx_motion_fx_scrolling&quot;:&quot;yes&quot;,&quot;background_motion_fx_translateY_speed&quot;:{&quot;unit&quot;:&quot;px&quot;,&quot;size&quot;:5,&quot;sizes&quot;:[]},&quot;background_motion_fx_devices&quot;:[&quot;desktop&quot;,&quot;tablet&quot;],&quot;background_motion_fx_translateY_affectedRange&quot;:{&quot;unit&quot;:&quot;%&quot;,&quot;size&quot;:&quot;&quot;,&quot;sizes&quot;:{&quot;start&quot;:0,&quot;end&quot;:100}}}\">\n\t\t\t\t\t<div class=\"e-con-inner\">\n\t\t<div class=\"elementor-element elementor-element-4ad0f95 e-con-full e-flex e-con e-child\" data-id=\"4ad0f95\" data-element_type=\"container\" data-e-type=\"container\">\n\t\t\t\t<div class=\"elementor-element elementor-element-17f05a6 elementor-widget elementor-widget-theme-site-logo elementor-widget-image\" data-id=\"17f05a6\" data-element_type=\"widget\" data-e-type=\"widget\" data-widget_type=\"theme-site-logo.default\">\n\t\t\t\t\t\t\t\t\t\t\t<a href=\"https:\/\/cubaprimero.org\/en\">\n\t\t\t<img fetchpriority=\"high\" decoding=\"async\" width=\"2560\" height=\"852\" src=\"https:\/\/cubaprimero.org\/wp-content\/uploads\/2026\/04\/cropped-Estrella-BlancaCuba-primero-transparente-2-1-scaled-2-252x84.png\" class=\"attachment-full size-full wp-image-3826\" alt=\"\" srcset=\"https:\/\/cubaprimero.org\/wp-content\/uploads\/2026\/04\/cropped-Estrella-BlancaCuba-primero-transparente-2-1-scaled-2.png 1x, https:\/\/cubaprimero.org\/wp-content\/uploads\/2026\/04\/cropped-Estrella-BlancaCuba-primero-transparente-2-1-scaled-2.png 2x\" sizes=\"(max-width: 2560px) 100vw, 2560px\" \/>\t\t\t\t<\/a>\n\t\t\t\t\t\t\t\t\t\t\t<\/div>\n\t\t\t\t<div class=\"elementor-element elementor-element-742d4a5 elementor-widget elementor-widget-heading\" data-id=\"742d4a5\" data-element_type=\"widget\" data-e-type=\"widget\" data-widget_type=\"heading.default\">\n\t\t\t\t\t<h1 class=\"elementor-heading-title elementor-size-default\">Programa General del Movimiento de \"Cuba Primero\"<\/h1>\t\t\t\t<\/div>\n\t\t\t\t<div class=\"elementor-element elementor-element-83f7543 elementor-icon-list--layout-traditional elementor-list-item-link-full_width elementor-widget elementor-widget-icon-list\" data-id=\"83f7543\" data-element_type=\"widget\" data-e-type=\"widget\" data-widget_type=\"icon-list.default\">\n\t\t\t\t\t\t\t<ul class=\"elementor-icon-list-items\">\n\t\t\t\t\t\t\t<li class=\"elementor-icon-list-item\">\n\t\t\t\t\t\t\t\t\t\t<span class=\"elementor-icon-list-text\">(305) 846 - 4825<\/span>\n\t\t\t\t\t\t\t\t\t<\/li>\n\t\t\t\t\t\t\t\t<li class=\"elementor-icon-list-item\">\n\t\t\t\t\t\t\t\t\t\t\t<a href=\"mailto:contacto@cubaprimero.org?subject=Programa%20General%20Del%20Movimiento%20De%20&quot;Cuba%20Primero&quot;\u200b\">\n\n\t\t\t\t\t\t\t\t\t\t\t<span class=\"elementor-icon-list-text\">contacto@cubaprimero.org<\/span>\n\t\t\t\t\t\t\t\t\t\t\t<\/a>\n\t\t\t\t\t\t\t\t\t<\/li>\n\t\t\t\t\t\t\t\t<li class=\"elementor-icon-list-item\">\n\t\t\t\t\t\t\t\t\t\t\t<a href=\"https:\/\/cubaprimero.org\/en\">\n\n\t\t\t\t\t\t\t\t\t\t\t<span class=\"elementor-icon-list-text\">cubaprimero.org<\/span>\n\t\t\t\t\t\t\t\t\t\t\t<\/a>\n\t\t\t\t\t\t\t\t\t<\/li>\n\t\t\t\t\t\t<\/ul>\n\t\t\t\t\t\t<\/div>\n\t\t\t\t<\/div>\n\t\t\t\t\t<\/div>\n\t\t\t\t<\/div>\n\t\t<div class=\"elementor-element elementor-element-2297b1b e-flex e-con-boxed e-con e-parent\" data-id=\"2297b1b\" data-element_type=\"container\" data-e-type=\"container\" data-settings=\"{&quot;background_background&quot;:&quot;classic&quot;}\">\n\t\t\t\t\t<div class=\"e-con-inner\">\n\t\t\t\t<div class=\"elementor-element elementor-element-ab8f98a elementor-widget elementor-widget-table-of-contents\" data-id=\"ab8f98a\" data-element_type=\"widget\" data-e-type=\"widget\" data-settings=\"{&quot;headings_by_tags&quot;:[&quot;h2&quot;,&quot;h3&quot;],&quot;exclude_headings_by_selector&quot;:[],&quot;no_headings_message&quot;:&quot;No headings were found on this page.&quot;,&quot;marker_view&quot;:&quot;numbers&quot;,&quot;hierarchical_view&quot;:&quot;yes&quot;,&quot;min_height&quot;:{&quot;unit&quot;:&quot;px&quot;,&quot;size&quot;:&quot;&quot;,&quot;sizes&quot;:[]},&quot;min_height_tablet&quot;:{&quot;unit&quot;:&quot;px&quot;,&quot;size&quot;:&quot;&quot;,&quot;sizes&quot;:[]},&quot;min_height_mobile&quot;:{&quot;unit&quot;:&quot;px&quot;,&quot;size&quot;:&quot;&quot;,&quot;sizes&quot;:[]}}\" data-widget_type=\"table-of-contents.default\">\n\t\t\t\t\t\t\t\t\t<div class=\"elementor-toc__header\">\n\t\t\t\t\t\t<h3 class=\"elementor-toc__header-title\">\n\t\t\t\t\u00cdndice\t\t\t<\/h3>\n\t\t\t\t\t\t\t\t<\/div>\n\t\t\t\t<div id=\"elementor-toc__ab8f98a\" class=\"elementor-toc__body\">\n\t\t\t<div class=\"elementor-toc__spinner-container\">\n\t\t\t\t<svg class=\"elementor-toc__spinner eicon-animation-spin e-font-icon-svg e-eicon-loading\" aria-hidden=\"true\" viewBox=\"0 0 1000 1000\" xmlns=\"http:\/\/www.w3.org\/2000\/svg\"><path d=\"M500 975V858C696 858 858 696 858 500S696 142 500 142 142 304 142 500H25C25 237 238 25 500 25S975 237 975 500 763 975 500 975Z\"><\/path><\/svg>\t\t\t<\/div>\n\t\t<\/div>\n\t\t\t\t\t\t<\/div>\n\t\t\t\t\t<\/div>\n\t\t\t\t<\/div>\n\t\t<div class=\"elementor-element elementor-element-4743a22 e-flex e-con-boxed e-con e-parent\" data-id=\"4743a22\" data-element_type=\"container\" data-e-type=\"container\">\n\t\t\t\t\t<div class=\"e-con-inner\">\n\t\t<div class=\"elementor-element elementor-element-56cae5f e-con-full e-flex e-con e-child\" data-id=\"56cae5f\" data-element_type=\"container\" data-e-type=\"container\">\n\t\t\t\t<div class=\"elementor-element elementor-element-9685b33 elementor-widget elementor-widget-heading\" data-id=\"9685b33\" data-element_type=\"widget\" data-e-type=\"widget\" data-widget_type=\"heading.default\">\n\t\t\t\t\t<h2 class=\"elementor-heading-title elementor-size-default\">Introducci\u00f3n.<\/h2>\t\t\t\t<\/div>\n\t\t\t\t<div class=\"elementor-element elementor-element-63463d0 elementor-widget elementor-widget-text-editor\" data-id=\"63463d0\" data-element_type=\"widget\" data-e-type=\"widget\" data-widget_type=\"text-editor.default\">\n\t\t\t\t\t\t\t\t\t<p>El Movimiento \u201cCUBA PRIMERO\u201d se establece como un movimiento pol\u00edtico en cuanto a la necesidad de elaborar un programa de gobierno\u00a0que sirva como motivaci\u00f3n y gu\u00eda que inspire la lucha por la liberaci\u00f3n de, primero, Cuba y luego como mecanismo fundador y de consolidaci\u00f3n\u00a0 de la democracia en nuestro pa\u00eds.<\/p><p><span style=\"font-style: inherit; font-weight: inherit; text-align: var(--text-align); background-color: var(--ast-global-color-4); color: var(--ast-global-color-3);\">\u201cCUBA PRIMERO\u201d como movimiento centra su prioridad en la liberaci\u00f3n del pa\u00eds de las garras del r\u00e9gimen totalitario, a la vez que va montando las bases para la instauraci\u00f3n de los mecanismos de gobernabilidad democr\u00e1tica.<\/span><\/p><p><span style=\"font-style: inherit; font-weight: inherit; text-align: var(--text-align); background-color: var(--ast-global-color-4); color: var(--ast-global-color-3);\">El Movimiento \u201cCUBA PRIMERO\u201d no descarta ning\u00fan esfuerzo para la liberaci\u00f3n de nuestra Patria, a la vez que apoya y se solidariza con cualquier esfuerzo que realiza otra organizaci\u00f3n o grupo. Siempre en consecuencia con la doctrina martiana de juntarse como la palabra de\u00a0<\/span><span style=\"font-style: inherit; font-weight: inherit; text-align: var(--text-align); background-color: var(--ast-global-color-4); color: var(--ast-global-color-3);\">orden.<\/span><\/p><p><span style=\"font-style: inherit; font-weight: inherit; text-align: var(--text-align); background-color: var(--ast-global-color-4); color: var(--ast-global-color-3);\">El Movimiento \u201cCUBA PRIMERO\u201d asume su responsabilidad hist\u00f3rica de luchar por alcanzar la liberaci\u00f3n de Cuba hasta lograrse y participar activamente en la reconstrucci\u00f3n del pa\u00eds. As\u00ed como reconoce el derecho de todos los cubanos a participar en la vida pol\u00edtica, econ\u00f3mica y social de Cuba, sin importar su lugar de residencia ni su condici\u00f3n migratoria, sin acogerse a ning\u00fan postulado que lo limite.<\/span><\/p>\t\t\t\t\t\t\t\t<\/div>\n\t\t\t\t<\/div>\n\t\t<div class=\"elementor-element elementor-element-b6eb901 e-con-full e-flex e-con e-child\" data-id=\"b6eb901\" data-element_type=\"container\" data-e-type=\"container\">\n\t\t\t\t<div class=\"elementor-element elementor-element-3a1e7ee elementor-widget elementor-widget-heading\" data-id=\"3a1e7ee\" data-element_type=\"widget\" data-e-type=\"widget\" data-widget_type=\"heading.default\">\n\t\t\t\t\t<h2 class=\"elementor-heading-title elementor-size-default\">Declaraci\u00f3n de Principios.<\/h2>\t\t\t\t<\/div>\n\t\t\t\t<div class=\"elementor-element elementor-element-23f95f6 elementor-widget elementor-widget-text-editor\" data-id=\"23f95f6\" data-element_type=\"widget\" data-e-type=\"widget\" data-widget_type=\"text-editor.default\">\n\t\t\t\t\t\t\t\t\t<ol><li><p>El Movimiento \u201cCUBA PRIMERO\u201d es una organizaci\u00f3n pol\u00edtica, que se apoya en la soberan\u00eda popular para implementar su programa de gobierno.<\/p><\/li><li><p>Que promete restaurar la Constituci\u00f3n de 1940, en lo aplicable. Solamente una Asamblea Constituyente podr\u00e1 enmendar o redactar una nueva constituci\u00f3n o Pacto Social, hasta tanto cualquier acto en contra, o no contemplado ella, es inconstitucional. La Asamblea Constituyente, dentro de los seis primeros meses, enmendar\u00e1 los art\u00edculos oportunos para adaptar la Constituci\u00f3n, antes mencionada, a este programa pol\u00edtico.<\/p><\/li><li><p>Que presenta un programa de gobierno a partir de las necesidades y prerrogativas de las demandas y aspiraciones de las instituciones de la Sociedad Civil aut\u00e9ntica e independiente, como elementos catalizadores de las necesidades y aspiraciones del pueblo cubano que representan y que est\u00e1n en constantes vivencias con nuestro pueblo.<\/p><\/li><li><p>El Movimiento \u201cCUBA PRIMERO\u201d, en el poder, promete instaurar un sistema nacional de fiscalizaci\u00f3n que evite la corrupci\u00f3n. Evite manejos de fondos p\u00fablicos a discreci\u00f3n. Rendici\u00f3n fiscal para todas las personas y entidades jur\u00eddicamente reconocidas en el pa\u00eds.<\/p><\/li><li><p>Implementar un programa de gobierno lo suficientemente abarcador, para la satisfacci\u00f3n de la poblaci\u00f3n. No es la ambici\u00f3n de un grupo de formar gobierno, sino la aspiraci\u00f3n misma de que dicho programa se cumpla, bajo la responsabilidad y voluntad de un gobierno capaz de hacerlo cumplir.<\/p><\/li><li><p>Convertir a Cuba en un pa\u00eds pr\u00f3spero, con seguridad ciudadana y gobernabilidad asegurada. Con cultura democr\u00e1tica y mecanismos funcionales que eviten cometer viejos o nuevos errores. Porque los hombres pasan y los pueblos quedar\u00e1n siempre como resultado de sus buenos o malos oficios y hay que asegurar la continuidad de lo que en bien se logre.<\/p><\/li><\/ol>\t\t\t\t\t\t\t\t<\/div>\n\t\t\t\t<\/div>\n\t\t<div class=\"elementor-element elementor-element-27b4c4e e-con-full e-flex e-con e-child\" data-id=\"27b4c4e\" data-element_type=\"container\" data-e-type=\"container\">\n\t\t\t\t<div class=\"elementor-element elementor-element-4535014 elementor-widget elementor-widget-heading\" data-id=\"4535014\" data-element_type=\"widget\" data-e-type=\"widget\" data-widget_type=\"heading.default\">\n\t\t\t\t\t<h2 class=\"elementor-heading-title elementor-size-default\">Plataforma Doctrinal Del Movimiento \u201cCuba Primero\u201d<\/h2>\t\t\t\t<\/div>\n\t\t\t\t<div class=\"elementor-element elementor-element-3ce77f6 elementor-widget elementor-widget-text-editor\" data-id=\"3ce77f6\" data-element_type=\"widget\" data-e-type=\"widget\" data-widget_type=\"text-editor.default\">\n\t\t\t\t\t\t\t\t\t<ol><li><p>El Movimiento \u201cCUBA PRIMERO\u201d se sustenta en la Doctrina Martiana como fundamento de base, que proclama: \u201cCon todos y para el bien de todos\u201d para que la \u201cprimera ley de la Rep\u00fablica sea el culto de los cubanos a la dignidad plena del hombre\u201d. Solo as\u00ed se podr\u00e1 llegar al respeto de todas las libertades.<\/p><\/li><li><p>La Doctrina del Movimiento \u201cCUBA PRIMERO\u201d (Independencia Econ\u00f3mica, Libertad Pol\u00edtica y Justicia Social) ser\u00e1 la Gu\u00eda Estructural y Espiritual de nuestra l\u00ednea de trabajo. En ella se recoge la esperanza y fe de una causa, que a\u00fan no ha encontrado su lugar en el pueblo cubano y que El Movimiento \u201cCUBA PRIMERO\u201d hace suya y se compromete a reorientarla en el contexto hist\u00f3rico que le corresponde.<\/p><\/li><li><p>El Movimiento \u201cCUBA PRIMERO\u201d se compromete a liberar a Cuba de toda ideolog\u00eda da\u00f1ina, empezando por la ideolog\u00eda comunista. Por tanto, hace ilegal toda ideolog\u00eda totalitaria, ya sea comunista, socialista o sus similares y adem\u00e1s sus promotores como el Partido Comunista, Socialista o sus derivados.<\/p><\/li><li><p>Para mejor interpretaci\u00f3n, El Movimiento \u201cCUBA PRIMERO\u201d se declara a favor del libre mercado, la libre empresa y el respeto irrestricto a la propiedad privada. Por tanto, se ajusta a todos los valores y se define como un movimiento conservador.<\/p><\/li><\/ol>\t\t\t\t\t\t\t\t<\/div>\n\t\t\t\t<\/div>\n\t\t<div class=\"elementor-element elementor-element-2bc8bfb e-con-full e-flex e-con e-child\" data-id=\"2bc8bfb\" data-element_type=\"container\" data-e-type=\"container\">\n\t\t\t\t<div class=\"elementor-element elementor-element-0d79e2a elementor-widget elementor-widget-heading\" data-id=\"0d79e2a\" data-element_type=\"widget\" data-e-type=\"widget\" data-widget_type=\"heading.default\">\n\t\t\t\t\t<h3 class=\"elementor-heading-title elementor-size-default\">En Lo Pol\u00edtico:<\/h3>\t\t\t\t<\/div>\n\t\t\t\t<div class=\"elementor-element elementor-element-786c49e elementor-widget elementor-widget-text-editor\" data-id=\"786c49e\" data-element_type=\"widget\" data-e-type=\"widget\" data-widget_type=\"text-editor.default\">\n\t\t\t\t\t\t\t\t\t<p>Libertad absoluta para ejercer la actividad pol\u00edtica de todas las personas e instituciones, reconociendo el derecho de todos los partidos pol\u00edticos, salvo los ilegalizados, a organizarse y ejercer su trabajo sin interferencia de cualquier poder existente.<\/p><p>El gobierno no interferir\u00e1 en el trabajo de las organizaciones de la sociedad civil, acad\u00e9micas y profesionales.<\/p><p>La celebraci\u00f3n de elecciones peri\u00f3dicas para todos los cargos p\u00fablicos en los diferentes niveles de administraci\u00f3n del pa\u00eds, con l\u00edmites de tiempo para todas las posiciones, incluyendo la presidencia de la rep\u00fablica.<\/p><p>Eliminar del C\u00f3digo Penal la tipificaci\u00f3n del delito pol\u00edtico. Toda acci\u00f3n en contra de las normas democr\u00e1ticas internacionalmente reconocidas o que da\u00f1en los intereses de la sociedad no tiene derecho a considerarse un delito pol\u00edtico.<\/p><p>De facto desaparecer\u00e1 la polic\u00eda pol\u00edtica y todos los \u00d3rganos de la Seguridad del Estado como mecanismo de persecuci\u00f3n pol\u00edtica o como brazo de fuerza que conspire para la judicializaci\u00f3n de la actividad pol\u00edtica.<\/p><p>Los centros de educaci\u00f3n estatal no pueden promover pol\u00edtica partidista, de g\u00e9nero o de cualquier doctrina que se aparte de los materiales acad\u00e9micos aprobados por el sistema de educaci\u00f3n.<\/p>\t\t\t\t\t\t\t\t<\/div>\n\t\t\t\t<\/div>\n\t\t<div class=\"elementor-element elementor-element-8e74b48 e-con-full e-flex e-con e-child\" data-id=\"8e74b48\" data-element_type=\"container\" data-e-type=\"container\">\n\t\t\t\t<div class=\"elementor-element elementor-element-3254df8 elementor-widget elementor-widget-heading\" data-id=\"3254df8\" data-element_type=\"widget\" data-e-type=\"widget\" data-widget_type=\"heading.default\">\n\t\t\t\t\t<h3 class=\"elementor-heading-title elementor-size-default\">En Lo Militar:<\/h3>\t\t\t\t<\/div>\n\t\t\t\t<div class=\"elementor-element elementor-element-e5b78eb elementor-widget elementor-widget-text-editor\" data-id=\"e5b78eb\" data-element_type=\"widget\" data-e-type=\"widget\" data-widget_type=\"text-editor.default\">\n\t\t\t\t\t\t\t\t\t<p>Un r\u00e9gimen por m\u00e1s de 66 a\u00f1os perturbando la paz de todos los pa\u00edses democr\u00e1ticos en la regi\u00f3n con total impunidad, justifica eliminar las Fuerzas Armadas. Por tanto, abolir de inmediato tambi\u00e9n el Servicio Militar Obligatorio.<\/p><p>Se nombrar\u00e1 una Guardia Nacional, la que se ocupar\u00e1 de apoyar en caso de desastres naturales, siniestros, accidentes de alto impacto o disturbios sociales, que no cumplan las libertades garantizadas por un sistema democr\u00e1tico totalmente aut\u00e9ntico, de acuerdo con los est\u00e1ndares internacionales.<\/p><p>La Guardia Nacional como su nombre lo indica estar\u00e1 al servicio de la naci\u00f3n y no responder\u00e1 a intereses pol\u00edticos o partidistas. Y se vincula al Poder Ejecutivo solo para ejercer las actividades propias de sus funciones.<\/p><p>Se desplegar\u00e1 una fuerza de Guarda Fronteras, que tendr\u00e1 como principal funci\u00f3n la protecci\u00f3n de las fronteras, el control del narcotr\u00e1fico y la entrada ilegal de personas con prop\u00f3sitos perjudiciales al pa\u00eds.<\/p><p>Se elimina todo cuerpo militar irregular como milicias serranas, milicias de tropas territoriales o cualquier otra agrupaci\u00f3n que sirva para controlar, intimidar o reprimir a la poblaci\u00f3n. En fin, no se permitir\u00e1n fuerzas irregulares bajo ninguna denominaci\u00f3n.<\/p><p>No se preparar\u00e1 o formar\u00e1 ninguna fuerza militar para participar en acciones militares fuera del pa\u00eds. No se firmar\u00e1 pacto o acuerdo militar con ninguna instituci\u00f3n militar de un pa\u00eds extranjero, teniendo en cuenta que no habr\u00e1 un ej\u00e9rcito regular.<\/p>\t\t\t\t\t\t\t\t<\/div>\n\t\t\t\t<\/div>\n\t\t<div class=\"elementor-element elementor-element-f45e526 e-con-full e-flex e-con e-child\" data-id=\"f45e526\" data-element_type=\"container\" data-e-type=\"container\">\n\t\t\t\t<div class=\"elementor-element elementor-element-cc5b450 elementor-widget elementor-widget-heading\" data-id=\"cc5b450\" data-element_type=\"widget\" data-e-type=\"widget\" data-widget_type=\"heading.default\">\n\t\t\t\t\t<h3 class=\"elementor-heading-title elementor-size-default\">La Policia:<\/h3>\t\t\t\t<\/div>\n\t\t\t\t<div class=\"elementor-element elementor-element-2b7f902 elementor-widget elementor-widget-text-editor\" data-id=\"2b7f902\" data-element_type=\"widget\" data-e-type=\"widget\" data-widget_type=\"text-editor.default\">\n\t\t\t\t\t\t\t\t\t<p>La polic\u00eda se encargar\u00e1 de mantener la seguridad ciudadana y hacer cumplir la ley.<\/p><p>Sin embargo, no interferir\u00e1 en la actividad econ\u00f3mica del pa\u00eds, ni tampoco estar\u00e1 facultada para decomisar productos, a menos que sea requerida su incautaci\u00f3n por un procedimiento judicial.<\/p>\t\t\t\t\t\t\t\t<\/div>\n\t\t\t\t<\/div>\n\t\t<div class=\"elementor-element elementor-element-0dc3ab4 e-con-full e-flex e-con e-child\" data-id=\"0dc3ab4\" data-element_type=\"container\" data-e-type=\"container\">\n\t\t\t\t<div class=\"elementor-element elementor-element-97e3453 elementor-widget elementor-widget-heading\" data-id=\"97e3453\" data-element_type=\"widget\" data-e-type=\"widget\" data-widget_type=\"heading.default\">\n\t\t\t\t\t<h3 class=\"elementor-heading-title elementor-size-default\"><p>La libertad econ\u00f3mica:<span style=\"color: var( --e-global-color-secondary );font-size: 1.8125rem;font-style: inherit;text-align: var(--text-align);background-color: var(--ast-global-color-4)\"><\/span><\/p><\/h3>\t\t\t\t<\/div>\n\t\t\t\t<div class=\"elementor-element elementor-element-f2bbced elementor-widget elementor-widget-text-editor\" data-id=\"f2bbced\" data-element_type=\"widget\" data-e-type=\"widget\" data-widget_type=\"text-editor.default\">\n\t\t\t\t\t\t\t\t\t<p>Cuba ocupa el lugar 176 en el \u00cdndice mundial de la libertad econ\u00f3mica, s\u00f3lo le siguen Venezuela y Corea del Norte, en la lista de 178 naciones.<\/p><p>Debe ser una meta de la democracia en Cuba alcanzar en el menor tiempo posible un lugar decoroso en esa lista tan fundamental, como es la libertad econ\u00f3mica.<\/p><p>A un prestigioso lugar de esa lista se llega liberando la econom\u00eda en todos los aspectos. El mercado es el ente regulador de todo y no habr\u00e1 injerencia de las autoridades que frenen el libre mercado.<\/p><p>La libertad de mercado incluye la libre importaci\u00f3n y exportaci\u00f3n sin la interferencia del Estado.<\/p><p>La actividad comercial tendr\u00e1 un per\u00edodo de gracia, donde no se pagar\u00e1 impuestos ni se exigir\u00e1n permisos regulatorios. Se podr\u00e1 vender libremente en la v\u00eda p\u00fablica y abrir todo tipo de negocios, solo cumpliendo con las normas de seguridad e higiene.<\/p><p>Libertad de mercado absoluta, no podr\u00e1 prohibirse el sacrificio y venta de ganado vacuno, la comercializaci\u00f3n y traslado de productos agr\u00edcolas como el caf\u00e9, el cacao y cualquier otro producto agropecuario.<\/p><p>La relaci\u00f3n del sector privado con el sector estatal en cuanto a la financiaci\u00f3n de programas y servicios tiene que buscar una nueva forma de interacci\u00f3n para que la rentabilidad de la entidad privada no sea a costa de una facturaci\u00f3n enga\u00f1osa o manipulada.<\/p>\t\t\t\t\t\t\t\t<\/div>\n\t\t\t\t<\/div>\n\t\t<div class=\"elementor-element elementor-element-0b7b443 e-con-full e-flex e-con e-child\" data-id=\"0b7b443\" data-element_type=\"container\" data-e-type=\"container\">\n\t\t\t\t<div class=\"elementor-element elementor-element-05ccc1d elementor-widget elementor-widget-heading\" data-id=\"05ccc1d\" data-element_type=\"widget\" data-e-type=\"widget\" data-widget_type=\"heading.default\">\n\t\t\t\t\t<h3 class=\"elementor-heading-title elementor-size-default\"><p><span style=\"font-style: inherit;font-weight: inherit;color: var( --e-global-color-secondary );text-align: var(--text-align);background-color: var(--ast-global-color-4)\">Sobre la privatizaci\u00f3n:<\/span><span style=\"color: var( --e-global-color-secondary );font-size: 1.8125rem;font-style: inherit;text-align: var(--text-align);background-color: var(--ast-global-color-4)\"><\/span><\/p><\/h3>\t\t\t\t<\/div>\n\t\t\t\t<div class=\"elementor-element elementor-element-2ba5044 elementor-widget elementor-widget-text-editor\" data-id=\"2ba5044\" data-element_type=\"widget\" data-e-type=\"widget\" data-widget_type=\"text-editor.default\">\n\t\t\t\t\t\t\t\t\t<p>El sistema econ\u00f3mico y social de Cuba se fundamenta en el ejercicio de la propiedad privada.<\/p><p>La estabilizaci\u00f3n pol\u00edtica de la sociedad cubana pasa por el reconocimiento justo de las propiedades existentes y confiscadas.<\/p><p>Las propiedades confiscadas y la adjudicaci\u00f3n de las nuevas propiedades deben cumplir un proceso de licitaci\u00f3n.<\/p><p>Todas las propiedades otorgadas por el R\u00e9gimen cubano tienen que ser objeto de revisi\u00f3n, incluidas las PYMES.<\/p><p>Todas las instalaciones tur\u00edsticas de corporaciones extranjeras ser\u00e1n objeto de revisi\u00f3n y recontrataci\u00f3n en los casos pertinentes.<\/p>\t\t\t\t\t\t\t\t<\/div>\n\t\t\t\t<\/div>\n\t\t<div class=\"elementor-element elementor-element-71087d3 e-con-full e-flex e-con e-child\" data-id=\"71087d3\" data-element_type=\"container\" data-e-type=\"container\">\n\t\t\t\t<div class=\"elementor-element elementor-element-632db5a elementor-widget elementor-widget-heading\" data-id=\"632db5a\" data-element_type=\"widget\" data-e-type=\"widget\" data-widget_type=\"heading.default\">\n\t\t\t\t\t<h3 class=\"elementor-heading-title elementor-size-default\"><p>Sobre las tierras:<span style=\"color: var( --e-global-color-secondary );font-size: 1.8125rem;font-style: inherit;text-align: var(--text-align);background-color: var(--ast-global-color-4)\"><\/span><\/p><\/h3>\t\t\t\t<\/div>\n\t\t\t\t<div class=\"elementor-element elementor-element-ad6d8d7 elementor-widget elementor-widget-text-editor\" data-id=\"ad6d8d7\" data-element_type=\"widget\" data-e-type=\"widget\" data-widget_type=\"text-editor.default\">\n\t\t\t\t\t\t\t\t\t<p>Se proceder\u00e1 a la regularizaci\u00f3n de todas las tierras productivas del pa\u00eds, creando las premisas para privatizar todas las tierras en manos del Estado. Se proceder\u00e1 de inmediato a reconocer en propiedad todas las tierras que se encuentren en usufructo luego de un proceso de licitaci\u00f3n.<\/p><p>Las Cooperativas de Producci\u00f3n Agropecuarias (CPA) y las Unidades B\u00e1sicas de Producci\u00f3n Cooperativas (UBPC) podr\u00e1n declararse aut\u00f3nomas, sin ning\u00fan control o regulaci\u00f3n estatal.<\/p><p>Las tierras confiscadas por la Revoluci\u00f3n ser\u00e1n devueltas a sus leg\u00edtimos\u00a0propietarios.<\/p><p>Las tierras que se encuentran en manos del estado deber\u00e1n quedar bajo la jurisdicci\u00f3n administrativa correspondiente, con el fin de cumplir con el proceso de licitaci\u00f3n correspondiente para su privatizaci\u00f3n y definir la importancia e intereses como patrimonio social de la comunidad donde se encuentra su ubicaci\u00f3n.<\/p><p>Se dictar\u00e1n las normas de la extensi\u00f3n de tierras que se traspasar\u00e1n del sector estatal al sector privado, de acuerdo con los intereses del proyecto a desarrollar.<\/p><p>Las tierras consideradas reservas forestales o ubicadas en cuencas acu\u00edferas, incluyendo m\u00e1rgenes de r\u00edos, mares u otras, quedar\u00e1n protegidas por el Estado.<\/p>\t\t\t\t\t\t\t\t<\/div>\n\t\t\t\t<\/div>\n\t\t<div class=\"elementor-element elementor-element-0859cdf e-con-full e-flex e-con e-child\" data-id=\"0859cdf\" data-element_type=\"container\" data-e-type=\"container\">\n\t\t\t\t<div class=\"elementor-element elementor-element-4fb2fc3 elementor-widget elementor-widget-heading\" data-id=\"4fb2fc3\" data-element_type=\"widget\" data-e-type=\"widget\" data-widget_type=\"heading.default\">\n\t\t\t\t\t<h3 class=\"elementor-heading-title elementor-size-default\"><p><span style=\"font-style: inherit;font-weight: inherit;color: var( --e-global-color-secondary );text-align: var(--text-align);background-color: var(--ast-global-color-4)\">Sobre el sistema de salud:<\/span><span style=\"color: var( --e-global-color-secondary );font-size: 1.8125rem;font-style: inherit;text-align: var(--text-align);background-color: var(--ast-global-color-4)\"><\/span><\/p><\/h3>\t\t\t\t<\/div>\n\t\t\t\t<div class=\"elementor-element elementor-element-0dae669 elementor-widget elementor-widget-text-editor\" data-id=\"0dae669\" data-element_type=\"widget\" data-e-type=\"widget\" data-widget_type=\"text-editor.default\">\n\t\t\t\t\t\t\t\t\t<p>Se mantendr\u00e1 el Sistema de Salud P\u00fablica y se incorporar\u00e1 el servicio de salud privado, en todas sus modalidades, incluido todo el servicio de Farmacias, Laboratorios, Centros de Diagn\u00f3sticos, Centros de Cuidados Especiales y Transportaci\u00f3n Especial, que no incluye el servicio de urgencia, que se mantendr\u00e1 como servicio p\u00fablico, con cuerpo param\u00e9dico, empleando la \u00faltima tecnolog\u00eda y recursos, con asistencia en todo el territorio nacional, incluida la zona rural.<\/p><p>Los grandes conglomerados agr\u00edcolas e industriales podr\u00e1n tener un servicio de salud financiado por sus trabajadores.<\/p><p>Se implementar\u00e1n los seguros de salud, los que ser\u00e1n sometidos a una profunda revisi\u00f3n. Un seguro de Seguridad Social se va a contemplar, pero se estudiar\u00e1 un tipo de modalidad que no se preste a la estafa legal, ni a la corrupci\u00f3n.<\/p><p>Se destinar\u00e1 un fondo o presupuesto especial para aquellos pacientes que necesiten ser atendidos en pa\u00edses m\u00e1s desarrollados por carecer en Cuba de la tecnolog\u00eda necesaria. La gesti\u00f3n y coordinaci\u00f3n de cada caso corre por el Servicio de Relaciones Exteriores.<\/p>\t\t\t\t\t\t\t\t<\/div>\n\t\t\t\t<\/div>\n\t\t<div class=\"elementor-element elementor-element-db79fbb e-con-full e-flex e-con e-child\" data-id=\"db79fbb\" data-element_type=\"container\" data-e-type=\"container\">\n\t\t\t\t<div class=\"elementor-element elementor-element-055e97a elementor-widget elementor-widget-heading\" data-id=\"055e97a\" data-element_type=\"widget\" data-e-type=\"widget\" data-widget_type=\"heading.default\">\n\t\t\t\t\t<h3 class=\"elementor-heading-title elementor-size-default\"><p><span style=\"font-style: inherit;font-weight: inherit;color: var( --e-global-color-secondary );text-align: var(--text-align);background-color: var(--ast-global-color-4)\">Sobre el sistema de educaci\u00f3n:<\/span><span style=\"color: var( --e-global-color-secondary );font-size: 1.8125rem;font-style: inherit;text-align: var(--text-align);background-color: var(--ast-global-color-4)\"><\/span><\/p><\/h3>\t\t\t\t<\/div>\n\t\t\t\t<div class=\"elementor-element elementor-element-751ccb5 elementor-widget elementor-widget-text-editor\" data-id=\"751ccb5\" data-element_type=\"widget\" data-e-type=\"widget\" data-widget_type=\"text-editor.default\">\n\t\t\t\t\t\t\t\t\t<p>Se mantendr\u00e1 la educaci\u00f3n p\u00fablica en todos los niveles completamente gratuita hasta llegar al nivel universitario, que tendr\u00e1 sus propias reglamentaciones, a la vez que se incorporar\u00e1 la ense\u00f1anza privada.<\/p><p>El sistema nacional de educaci\u00f3n mantendr\u00e1 una r\u00edgida pol\u00edtica acad\u00e9mica, que no admitir\u00e1 se implementen en ninguna de sus instituciones contenidos que no se ajusten a las asignaturas acad\u00e9micas.<\/p><p>Se absorbe la reeducaci\u00f3n de menores, de los infantes hasta los 12 a\u00f1os de edad, procedentes del Ministerio del Interior. El programa ser\u00e1 atendido por el Ministerio de Educaci\u00f3n y Organizaciones no Gubernamentales, que mantendr\u00e1 todas las normas y prerrogativas del sistema nacional de educaci\u00f3n.<\/p>\t\t\t\t\t\t\t\t<\/div>\n\t\t\t\t<\/div>\n\t\t<div class=\"elementor-element elementor-element-4d39eff e-con-full e-flex e-con e-child\" data-id=\"4d39eff\" data-element_type=\"container\" data-e-type=\"container\">\n\t\t\t\t<div class=\"elementor-element elementor-element-28e30b4 elementor-widget elementor-widget-heading\" data-id=\"28e30b4\" data-element_type=\"widget\" data-e-type=\"widget\" data-widget_type=\"heading.default\">\n\t\t\t\t\t<h3 class=\"elementor-heading-title elementor-size-default\"><p><span style=\"font-style: inherit;font-weight: inherit;color: var( --e-global-color-secondary );text-align: var(--text-align);background-color: var(--ast-global-color-4)\">Transporte e infraestructura:<\/span><span style=\"color: var( --e-global-color-secondary );font-size: 1.8125rem;font-style: inherit;text-align: var(--text-align);background-color: var(--ast-global-color-4)\"><\/span><\/p><\/h3>\t\t\t\t<\/div>\n\t\t\t\t<div class=\"elementor-element elementor-element-7e683c3 elementor-widget elementor-widget-text-editor\" data-id=\"7e683c3\" data-element_type=\"widget\" data-e-type=\"widget\" data-widget_type=\"text-editor.default\">\n\t\t\t\t\t\t\t\t\t<p>Se elimina el concepto de transporte estatal, solo reservado para los veh\u00edculos oficiales del Estado. Todo el transporte debe ser privado. El parque de equipo automotor de servicio p\u00fablico debe ser reemplazado en un a\u00f1o, y progresivamente ir retirando de circulaci\u00f3n los veh\u00edculos que no cumplan con las normas de seguridad vial.<\/p><p>Se permitir\u00e1 la libre importaci\u00f3n de veh\u00edculos automotores, en el caso de los autos hasta con 10 a\u00f1os de antig\u00fcedad. En el caso de equipos pesados y de carga no tendr\u00e1n l\u00edmites de caducidad.<\/p><p>Tambi\u00e9n se pondr\u00e1 \u00e9nfasis en el desarrollo del sistema ferroviario, dando su explotaci\u00f3n al capital privado, mediante licitaci\u00f3n.<\/p><p>En cuanto al transporte a\u00e9reo, se elimina Cubana de Aviaci\u00f3n como entidad estatal y se canalizar\u00e1 su privatizaci\u00f3n.<\/p><p>El transporte mar\u00edtimo ser\u00e1 privatizado en su totalidad.<\/p><p>En el caso de la infraestructura, se priorizar\u00e1 la culminaci\u00f3n y reparaci\u00f3n de todas las v\u00edas existentes, priorizando la autopista nacional. Se inspeccionar\u00e1n todos los puentes para garantizar su seguridad vial.<\/p><p><strong>Vivienda:<\/strong> Se implementar\u00e1 un programa de titulaci\u00f3n de todas las viviendas del pa\u00eds. Se elimina el concepto de viviendas en usufructo, tanto gratuito como honoroso.<\/p><p>Se priorizar\u00e1 el apoyo a las empresas privadas de producci\u00f3n de materiales de construcci\u00f3n y se otorgar\u00e1n cr\u00e9ditos para la reparaci\u00f3n y construcci\u00f3n de viviendas por medio propio.<\/p><p>Se priorizar\u00e1 el reasentamiento de todas aquellas viviendas ubicadas en zonas de alto riesgo de desastres naturales.<\/p><p><strong>Turismo:<\/strong> Se privatizar\u00e1 todo el sector tur\u00edstico, se renegociar\u00e1 con las corporaciones extranjeras y se tomar\u00e1n las decisiones correspondientes.<\/p><p><strong>Deporte:<\/strong> El deporte de alto rendimiento y profesional quedar\u00e1 en manos de sus respectivas asociaciones y confederaciones que ser\u00e1n totalmente independientes. El deporte de desarrollo se har\u00e1 a trav\u00e9s del sistema nacional de educaci\u00f3n.<\/p>\t\t\t\t\t\t\t\t<\/div>\n\t\t\t\t<\/div>\n\t\t<div class=\"elementor-element elementor-element-2377b2e e-con-full e-flex e-con e-child\" data-id=\"2377b2e\" data-element_type=\"container\" data-e-type=\"container\">\n\t\t\t\t<div class=\"elementor-element elementor-element-823e9b5 elementor-widget elementor-widget-heading\" data-id=\"823e9b5\" data-element_type=\"widget\" data-e-type=\"widget\" data-widget_type=\"heading.default\">\n\t\t\t\t\t<h3 class=\"elementor-heading-title elementor-size-default\"><p><span style=\"font-style: inherit;font-weight: inherit;color: var( --e-global-color-secondary );text-align: var(--text-align);background-color: var(--ast-global-color-4)\">En lo judicial:<\/span><span style=\"color: var( --e-global-color-secondary );font-size: 1.8125rem;font-style: inherit;text-align: var(--text-align);background-color: var(--ast-global-color-4)\"><\/span><\/p><\/h3>\t\t\t\t<\/div>\n\t\t\t\t<div class=\"elementor-element elementor-element-1291796 elementor-widget elementor-widget-text-editor\" data-id=\"1291796\" data-element_type=\"widget\" data-e-type=\"widget\" data-widget_type=\"text-editor.default\">\n\t\t\t\t\t\t\t\t\t<p>El poder judicial, como parte de la separaci\u00f3n de poderes, debe ser totalmente independiente, ninguna de sus funciones puede estar subordinadas a los otros poderes. Todos los cargos deben ser otorgados mediante el sufragio p\u00fablico. El Fiscal o Procurador General no es parte del ejecutivo como ministro de Justicia.<\/p><p>El sistema de jurados ser\u00e1 obligatorio para todos los casos no considerados como contravenci\u00f3n. Sin embargo, el jurado debe estar formado por personas competentes y calificadas de acuerdo con el caso en cuesti\u00f3n.<\/p><p>Los cargos en el Poder Judicial nunca pueden ser por recomendaci\u00f3n o aprobaci\u00f3n por un ente pol\u00edtico.<\/p><p>El C\u00f3digo Penal no puede incluir delitos tipificados como delitos pol\u00edticos, ni enmascarados bajo conceptos que limiten las libertades fundamentales. Tampoco se puede invocar la pena de muerte por ideales pol\u00edticos ni posiciones ideol\u00f3gicas.<\/p><p>Se crear\u00e1 un departamento legal especial, adjunto al Ministerio de Justicia que se encargar\u00e1 de todos los procesos legales relacionados con menores de 18 a\u00f1os.<\/p><p>Todas las condenas por delitos pol\u00edticos y econ\u00f3micos ser\u00e1n exoneradas, de forma inmediata. Todas las sentencias dictadas por el r\u00e9gimen ser\u00e1n revisadas en el t\u00e9rmino de 2 a\u00f1os para la revaluaci\u00f3n de condenas.<\/p>\t\t\t\t\t\t\t\t<\/div>\n\t\t\t\t<\/div>\n\t\t<div class=\"elementor-element elementor-element-a1a9bbe e-con-full e-flex e-con e-child\" data-id=\"a1a9bbe\" data-element_type=\"container\" data-e-type=\"container\">\n\t\t\t\t<div class=\"elementor-element elementor-element-d8ca927 elementor-widget elementor-widget-heading\" data-id=\"d8ca927\" data-element_type=\"widget\" data-e-type=\"widget\" data-widget_type=\"heading.default\">\n\t\t\t\t\t<h3 class=\"elementor-heading-title elementor-size-default\"><p>El sistema electoral:<span style=\"color: var( --e-global-color-secondary );font-size: 1.8125rem;font-style: inherit;text-align: var(--text-align);background-color: var(--ast-global-color-4)\"><\/span><\/p><\/h3>\t\t\t\t<\/div>\n\t\t\t\t<div class=\"elementor-element elementor-element-e8be712 elementor-widget elementor-widget-text-editor\" data-id=\"e8be712\" data-element_type=\"widget\" data-e-type=\"widget\" data-widget_type=\"text-editor.default\">\n\t\t\t\t\t\t\t\t\t<p>El sistema electoral tiene que formar parte del Poder Judicial o sea del Sistema de Justicia, sin dependencia alguna del sistema administrativo del Poder Ejecutivo.<\/p><p>El proceso electoral debe estar blindado para cualquier forma de fraude. Las elecciones tienen que estar bajo la supervisi\u00f3n y control de todas las fuerzas pol\u00edticas del pa\u00eds, desde la base hasta la totalizaci\u00f3n general de los votos.<\/p><p>El Consejo Electoral debe ser elegido desde la base por voto popular. El presidente y vicepresidente del Consejo Electoral Nacional deber\u00e1n ser elegidos en el mismo proceso presidencial y por igual per\u00edodo.<\/p><p>Las elecciones presidenciales deben realizarse mediante primarias de los partidos pol\u00edticos y a dos vueltas de los dos candidatos finalistas.<\/p><p>Los partidos pol\u00edticos deben presentar un programa de gobierno para participar en un proceso electoral. Los puntos b\u00e1sicos deben formar parte de un Pacto de Gobernabilidad a cumplirse en el periodo presidencial estipulado. Al primer tercio del mandato debe presentarse una rendici\u00f3n de cuentas ante el Poder Legislativo y Judicial, para medir su cumplimiento. Ante graves premisas de incompetencia o imposibilidad manifiesta de cumplirse con el Pacto de Gobernabilidad, debe comenzarse un proceso de inhabilitaci\u00f3n presidencial.<\/p>\t\t\t\t\t\t\t\t<\/div>\n\t\t\t\t<\/div>\n\t\t<div class=\"elementor-element elementor-element-46c4a19 e-con-full e-flex e-con e-child\" data-id=\"46c4a19\" data-element_type=\"container\" data-e-type=\"container\">\n\t\t\t\t<div class=\"elementor-element elementor-element-a4ee512 elementor-widget elementor-widget-heading\" data-id=\"a4ee512\" data-element_type=\"widget\" data-e-type=\"widget\" data-widget_type=\"heading.default\">\n\t\t\t\t\t<h3 class=\"elementor-heading-title elementor-size-default\"><p><span style=\"font-style: inherit;font-weight: inherit;color: var( --e-global-color-secondary );text-align: var(--text-align);background-color: var(--ast-global-color-4)\">En lo laboral:<\/span><span style=\"color: var( --e-global-color-secondary );font-size: 1.8125rem;font-style: inherit;text-align: var(--text-align);background-color: var(--ast-global-color-4)\"><\/span><\/p><\/h3>\t\t\t\t<\/div>\n\t\t\t\t<div class=\"elementor-element elementor-element-b4e380a elementor-widget elementor-widget-text-editor\" data-id=\"b4e380a\" data-element_type=\"widget\" data-e-type=\"widget\" data-widget_type=\"text-editor.default\">\n\t\t\t\t\t\t\t\t\t<p>Debe elaborarse un C\u00f3digo del Trabajo, que contemple los derechos b\u00e1sicos de los trabajadores, sin detrimento del derecho empresarial.<\/p><p>El sindicalismo no puede convertir a los trabajadores en rehenes en contra de los empresarios y due\u00f1os de negocios.<\/p><p>Las cooperativas deben tener una relaci\u00f3n moderna de cooperaci\u00f3n entre los socios, a partir de las funciones y responsabilidades de los asociados. Adem\u00e1s, deben introducirse otros tipos de asociaciones, como las de las empresas asociativas solidarias.<\/p><p>Todos aquellos trabajadores que se vieron forzados a emigrar tendr\u00e1n derecho a los fondos y tiempo acumulados para su retiro o jubilaci\u00f3n, cuando sea aplicable.<\/p>\t\t\t\t\t\t\t\t<\/div>\n\t\t\t\t<\/div>\n\t\t<div class=\"elementor-element elementor-element-b7750db e-con-full e-flex e-con e-child\" data-id=\"b7750db\" data-element_type=\"container\" data-e-type=\"container\">\n\t\t\t\t<div class=\"elementor-element elementor-element-3ac6d4a elementor-widget elementor-widget-heading\" data-id=\"3ac6d4a\" data-element_type=\"widget\" data-e-type=\"widget\" data-widget_type=\"heading.default\">\n\t\t\t\t\t<h3 class=\"elementor-heading-title elementor-size-default\"><p><span style=\"font-style: inherit;font-weight: inherit;color: var( --e-global-color-secondary );text-align: var(--text-align);background-color: var(--ast-global-color-4)\">Relaciones exteriores:<\/span><span style=\"color: var( --e-global-color-secondary );font-size: 1.8125rem;font-style: inherit;text-align: var(--text-align);background-color: var(--ast-global-color-4)\"><\/span><\/p><\/h3>\t\t\t\t<\/div>\n\t\t\t\t<div class=\"elementor-element elementor-element-a8e5a24 elementor-widget elementor-widget-text-editor\" data-id=\"a8e5a24\" data-element_type=\"widget\" data-e-type=\"widget\" data-widget_type=\"text-editor.default\">\n\t\t\t\t\t\t\t\t\t<p>El gobierno cubano, como gobierno democr\u00e1tico, no mantendr\u00e1 relaciones, econ\u00f3micas, pol\u00edticas, etc., con gobiernos dictatoriales de ning\u00fan tipo, incluidos los reg\u00edmenes totalitarios.<\/p><p>El gobierno no impulsar\u00e1 o apoyar\u00e1 relaciones comerciales con los pa\u00edses se\u00f1alados en el p\u00e1rrafo anterior. Sin embargo, bajo la libertad de mercado, los empresarios conservan su derecho a la libre comercializaci\u00f3n.<\/p><p>El gobierno cubano no apoyar\u00e1 en los organismos multinacionales a gobiernos o resoluciones que vulneren la Carta Universal de los Derechos Humanos.<\/p><p>El gobierno cubano realizar\u00e1 un an\u00e1lisis del comportamiento hist\u00f3rico de los diferentes gobiernos y organizaciones internacionales con respecto a su cooperaci\u00f3n con el r\u00e9gimen comunista de Cuba y actuar\u00e1 en consecuencia, incluso con respecto a las deudas econ\u00f3micas por intereses pol\u00edticos e ideol\u00f3gicos.<\/p><p>En todos los dem\u00e1s aspectos se acoger\u00e1 a todas las normas internacionales vigentes y trabajar\u00e1 para todos los cubanos, sin importar en el lugar donde se encuentren, sin ning\u00fan tipo de discriminaci\u00f3n.<\/p>\t\t\t\t\t\t\t\t<\/div>\n\t\t\t\t<\/div>\n\t\t<div class=\"elementor-element elementor-element-3cafbf9 e-con-full e-flex e-con e-child\" data-id=\"3cafbf9\" data-element_type=\"container\" data-e-type=\"container\">\n\t\t\t\t<div class=\"elementor-element elementor-element-f003cb2 elementor-widget elementor-widget-heading\" data-id=\"f003cb2\" data-element_type=\"widget\" data-e-type=\"widget\" data-widget_type=\"heading.default\">\n\t\t\t\t\t<h3 class=\"elementor-heading-title elementor-size-default\"><p><span style=\"font-style: inherit;font-weight: inherit;color: var( --e-global-color-secondary );text-align: var(--text-align);background-color: var(--ast-global-color-4)\">Generales:<\/span><span style=\"color: var( --e-global-color-secondary );font-size: 1.8125rem;font-style: inherit;text-align: var(--text-align);background-color: var(--ast-global-color-4)\"><\/span><\/p><\/h3>\t\t\t\t<\/div>\n\t\t\t\t<div class=\"elementor-element elementor-element-c7c53e1 elementor-widget elementor-widget-text-editor\" data-id=\"c7c53e1\" data-element_type=\"widget\" data-e-type=\"widget\" data-widget_type=\"text-editor.default\">\n\t\t\t\t\t\t\t\t\t<p>El pa\u00eds debe regirse por un Pacto Social, con los derechos fundamentales. No se necesita un pliego de condiciones que son derechos administrativos, que deben estar regidos y protegidos por la ley.<\/p>\t\t\t\t\t\t\t\t<\/div>\n\t\t\t\t<\/div>\n\t\t\t\t\t<\/div>\n\t\t\t\t<\/div>\n\t\t<div class=\"elementor-element elementor-element-48a1bc05 e-flex e-con-boxed e-con e-parent\" data-id=\"48a1bc05\" data-element_type=\"container\" data-e-type=\"container\" data-settings=\"{&quot;background_background&quot;:&quot;classic&quot;,&quot;background_motion_fx_motion_fx_scrolling&quot;:&quot;yes&quot;,&quot;background_motion_fx_devices&quot;:[&quot;desktop&quot;,&quot;tablet&quot;,&quot;mobile&quot;]}\">\n\t\t\t\t\t<div class=\"e-con-inner\">\n\t\t\t\t<div class=\"elementor-element elementor-element-597567e elementor-widget elementor-widget-heading\" data-id=\"597567e\" data-element_type=\"widget\" data-e-type=\"widget\" data-widget_type=\"heading.default\">\n\t\t\t\t\t<h4 class=\"elementor-heading-title elementor-size-default\">\u00daNETE AL MOVIMIENTO CUBA PRIMERO\nY S\u00c9 PROTAGONISTA DEL CAMBIO. JUNTOS PODEMOS CONSTRUIR \nUNA CUBA LIBRE, DIGNA Y CON OPORTUNIDADES PARA TODOS.<\/h4>\t\t\t\t<\/div>\n\t\t\t\t<div class=\"elementor-element elementor-element-d3ffa66 elementor-widget elementor-widget-heading\" data-id=\"d3ffa66\" data-element_type=\"widget\" data-e-type=\"widget\" data-widget_type=\"heading.default\">\n\t\t\t\t\t<h4 class=\"elementor-heading-title elementor-size-default\">EL CAMBIO COMIENZA CONTIGO. \u00a1S\u00daMATE!<\/h4>\t\t\t\t<\/div>\n\t\t\t\t<div class=\"elementor-element elementor-element-7a3aab4 elementor-widget elementor-widget-text-editor\" data-id=\"7a3aab4\" data-element_type=\"widget\" data-e-type=\"widget\" data-widget_type=\"text-editor.default\">\n\t\t\t\t\t\t\t\t\t<p style=\"text-align: center;\"><strong><span style=\"color: #ffffff;\">Armando Labrador<\/span><\/strong><br \/><span style=\"color: #ffffff;\">Presidente y Fundador<\/span><br \/><span style=\"color: #ffffff;\">www.CubaPrimero.org<\/span><\/p>\t\t\t\t\t\t\t\t<\/div>\n\t\t\t\t<div class=\"elementor-element elementor-element-49f9966 elementor-widget elementor-widget-theme-site-logo elementor-widget-image\" data-id=\"49f9966\" data-element_type=\"widget\" data-e-type=\"widget\" data-widget_type=\"theme-site-logo.default\">\n\t\t\t\t\t\t\t\t\t\t\t<a href=\"https:\/\/cubaprimero.org\/en\">\n\t\t\t<img fetchpriority=\"high\" decoding=\"async\" width=\"2560\" height=\"852\" src=\"https:\/\/cubaprimero.org\/wp-content\/uploads\/2026\/04\/cropped-Estrella-BlancaCuba-primero-transparente-2-1-scaled-2-252x84.png\" class=\"attachment-full size-full wp-image-3826\" alt=\"\" srcset=\"https:\/\/cubaprimero.org\/wp-content\/uploads\/2026\/04\/cropped-Estrella-BlancaCuba-primero-transparente-2-1-scaled-2.png 1x, https:\/\/cubaprimero.org\/wp-content\/uploads\/2026\/04\/cropped-Estrella-BlancaCuba-primero-transparente-2-1-scaled-2.png 2x\" sizes=\"(max-width: 2560px) 100vw, 2560px\" \/>\t\t\t\t<\/a>\n\t\t\t\t\t\t\t\t\t\t\t<\/div>\n\t\t\t\t\t<\/div>\n\t\t\t\t<\/div>\n\t\t\t\t<\/div>\n\t\t","protected":false},"excerpt":{"rendered":"<p>Programa General del Movimiento de \u00abCuba Primero\u00bb (305) 846 &#8211; 4825 contacto@cubaprimero.org cubaprimero.org \u00cdndice Introducci\u00f3n. El Movimiento \u201cCUBA PRIMERO\u201d se establece como un movimiento pol\u00edtico en cuanto a la necesidad de elaborar un programa de gobierno\u00a0que sirva como motivaci\u00f3n y gu\u00eda que inspire la lucha por la liberaci\u00f3n de, primero, Cuba y luego como mecanismo [&hellip;]<\/p>\n","protected":false},"author":2,"featured_media":0,"parent":0,"menu_order":0,"comment_status":"closed","ping_status":"closed","template":"","meta":{"_acf_changed":false,"_coblocks_attr":"","_coblocks_dimensions":"","_coblocks_responsive_height":"","_coblocks_accordion_ie_support":"","_uag_custom_page_level_css":"","site-sidebar-layout":"no-sidebar","site-content-layout":"page-builder","ast-site-content-layout":"default","site-content-style":"default","site-sidebar-style":"default","ast-global-header-display":"","ast-banner-title-visibility":"","ast-main-header-display":"","ast-hfb-above-header-display":"","ast-hfb-below-header-display":"","ast-hfb-mobile-header-display":"","site-post-title":"disabled","ast-breadcrumbs-content":"disabled","ast-featured-img":"disabled","footer-sml-layout":"","ast-disable-related-posts":"","theme-transparent-header-meta":"enabled","adv-header-id-meta":"","stick-header-meta":"","header-above-stick-meta":"","header-main-stick-meta":"","header-below-stick-meta":"","astra-migrate-meta-layouts":"default","ast-page-background-enabled":"default","ast-page-background-meta":{"desktop":{"background-color":"","background-image":"","background-repeat":"repeat","background-position":"center center","background-size":"auto","background-attachment":"scroll","background-type":"","background-media":"","overlay-type":"","overlay-color":"","overlay-opacity":"","overlay-gradient":""},"tablet":{"background-color":"","background-image":"","background-repeat":"repeat","background-position":"center center","background-size":"auto","background-attachment":"scroll","background-type":"","background-media":"","overlay-type":"","overlay-color":"","overlay-opacity":"","overlay-gradient":""},"mobile":{"background-color":"","background-image":"","background-repeat":"repeat","background-position":"center center","background-size":"auto","background-attachment":"scroll","background-type":"","background-media":"","overlay-type":"","overlay-color":"","overlay-opacity":"","overlay-gradient":""}},"ast-content-background-meta":{"desktop":{"background-color":"var(--ast-global-color-5)","background-image":"","background-repeat":"repeat","background-position":"center center","background-size":"auto","background-attachment":"scroll","background-type":"","background-media":"","overlay-type":"","overlay-color":"","overlay-opacity":"","overlay-gradient":""},"tablet":{"background-color":"var(--ast-global-color-5)","background-image":"","background-repeat":"repeat","background-position":"center center","background-size":"auto","background-attachment":"scroll","background-type":"","background-media":"","overlay-type":"","overlay-color":"","overlay-opacity":"","overlay-gradient":""},"mobile":{"background-color":"var(--ast-global-color-5)","background-image":"","background-repeat":"repeat","background-position":"center center","background-size":"auto","background-attachment":"scroll","background-type":"","background-media":"","overlay-type":"","overlay-color":"","overlay-opacity":"","overlay-gradient":""}},"footnotes":""},"class_list":["post-9","page","type-page","status-publish","hentry"],"acf":[],"yoast_head":"<!-- This site is optimized with the Yoast SEO plugin v27.5 - https:\/\/yoast.com\/product\/yoast-seo-wordpress\/ -->\n<title>Programa General - Cuba Primero<\/title>\n<meta name=\"robots\" content=\"index, follow, max-snippet:-1, max-image-preview:large, max-video-preview:-1\" \/>\n<link rel=\"canonical\" href=\"https:\/\/cubaprimero.org\/en\/general-program\/\" \/>\n<meta property=\"og:locale\" content=\"en_US\" \/>\n<meta property=\"og:type\" content=\"article\" \/>\n<meta property=\"og:title\" content=\"Programa General - Cuba Primero\" \/>\n<meta property=\"og:description\" content=\"Programa General del Movimiento de \u00abCuba Primero\u00bb (305) 846 &#8211; 4825 contacto@cubaprimero.org cubaprimero.org \u00cdndice Introducci\u00f3n. El Movimiento \u201cCUBA PRIMERO\u201d se establece como un movimiento pol\u00edtico en cuanto a la necesidad de elaborar un programa de gobierno\u00a0que sirva como motivaci\u00f3n y gu\u00eda que inspire la lucha por la liberaci\u00f3n de, primero, Cuba y luego como mecanismo [&hellip;]\" \/>\n<meta property=\"og:url\" content=\"https:\/\/cubaprimero.org\/en\/general-program\/\" \/>\n<meta property=\"og:site_name\" content=\"Cuba Primero\" \/>\n<meta property=\"article:modified_time\" content=\"2025-12-03T19:18:21+00:00\" \/>\n<meta name=\"twitter:card\" content=\"summary_large_image\" \/>\n<meta name=\"twitter:label1\" content=\"Est. reading time\" \/>\n\t<meta name=\"twitter:data1\" content=\"2 minutes\" \/>\n<script type=\"application\/ld+json\" class=\"yoast-schema-graph\">{\"@context\":\"https:\\\/\\\/schema.org\",\"@graph\":[{\"@type\":\"WebPage\",\"@id\":\"https:\\\/\\\/cubaprimero.org\\\/es\\\/programa-general\\\/\",\"url\":\"https:\\\/\\\/cubaprimero.org\\\/es\\\/programa-general\\\/\",\"name\":\"Programa General - Cuba Primero\",\"isPartOf\":{\"@id\":\"https:\\\/\\\/cubaprimero.org\\\/es\\\/#website\"},\"datePublished\":\"2021-02-23T10:04:36+00:00\",\"dateModified\":\"2025-12-03T19:18:21+00:00\",\"breadcrumb\":{\"@id\":\"https:\\\/\\\/cubaprimero.org\\\/es\\\/programa-general\\\/#breadcrumb\"},\"inLanguage\":\"en-US\",\"potentialAction\":[{\"@type\":\"ReadAction\",\"target\":[\"https:\\\/\\\/cubaprimero.org\\\/es\\\/programa-general\\\/\"]}]},{\"@type\":\"BreadcrumbList\",\"@id\":\"https:\\\/\\\/cubaprimero.org\\\/es\\\/programa-general\\\/#breadcrumb\",\"itemListElement\":[{\"@type\":\"ListItem\",\"position\":1,\"name\":\"Home\",\"item\":\"https:\\\/\\\/cubaprimero.org\\\/\"},{\"@type\":\"ListItem\",\"position\":2,\"name\":\"Programa General\"}]},{\"@type\":\"WebSite\",\"@id\":\"https:\\\/\\\/cubaprimero.org\\\/es\\\/#website\",\"url\":\"https:\\\/\\\/cubaprimero.org\\\/es\\\/\",\"name\":\"Cuba Primero\",\"description\":\"\",\"publisher\":{\"@id\":\"https:\\\/\\\/cubaprimero.org\\\/es\\\/#organization\"},\"potentialAction\":[{\"@type\":\"SearchAction\",\"target\":{\"@type\":\"EntryPoint\",\"urlTemplate\":\"https:\\\/\\\/cubaprimero.org\\\/es\\\/?s={search_term_string}\"},\"query-input\":{\"@type\":\"PropertyValueSpecification\",\"valueRequired\":true,\"valueName\":\"search_term_string\"}}],\"inLanguage\":\"en-US\"},{\"@type\":\"Organization\",\"@id\":\"https:\\\/\\\/cubaprimero.org\\\/es\\\/#organization\",\"name\":\"Cuba Primero\",\"url\":\"https:\\\/\\\/cubaprimero.org\\\/es\\\/\",\"logo\":{\"@type\":\"ImageObject\",\"inLanguage\":\"en-US\",\"@id\":\"https:\\\/\\\/cubaprimero.org\\\/es\\\/#\\\/schema\\\/logo\\\/image\\\/\",\"url\":\"https:\\\/\\\/cubaprimero.org\\\/wp-content\\\/uploads\\\/2026\\\/04\\\/cropped-Estrella-BlancaCuba-primero-transparente-2-1-scaled-2.png\",\"contentUrl\":\"https:\\\/\\\/cubaprimero.org\\\/wp-content\\\/uploads\\\/2026\\\/04\\\/cropped-Estrella-BlancaCuba-primero-transparente-2-1-scaled-2.png\",\"width\":2560,\"height\":852,\"caption\":\"Cuba Primero\"},\"image\":{\"@id\":\"https:\\\/\\\/cubaprimero.org\\\/es\\\/#\\\/schema\\\/logo\\\/image\\\/\"}}]}<\/script>\n<!-- \/ Yoast SEO plugin. -->","yoast_head_json":{"title":"General Program - Cuba Primero","robots":{"index":"index","follow":"follow","max-snippet":"max-snippet:-1","max-image-preview":"max-image-preview:large","max-video-preview":"max-video-preview:-1"},"canonical":"https:\/\/cubaprimero.org\/en\/general-program\/","og_locale":"en_US","og_type":"article","og_title":"Programa General - Cuba Primero","og_description":"Programa General del Movimiento de \u00abCuba Primero\u00bb (305) 846 &#8211; 4825 contacto@cubaprimero.org cubaprimero.org \u00cdndice Introducci\u00f3n. El Movimiento \u201cCUBA PRIMERO\u201d se establece como un movimiento pol\u00edtico en cuanto a la necesidad de elaborar un programa de gobierno\u00a0que sirva como motivaci\u00f3n y gu\u00eda que inspire la lucha por la liberaci\u00f3n de, primero, Cuba y luego como mecanismo [&hellip;]","og_url":"https:\/\/cubaprimero.org\/en\/general-program\/","og_site_name":"Cuba Primero","article_modified_time":"2025-12-03T19:18:21+00:00","twitter_card":"summary_large_image","twitter_misc":{"Est. reading time":"2 minutes"},"schema":{"@context":"https:\/\/schema.org","@graph":[{"@type":"WebPage","@id":"https:\/\/cubaprimero.org\/es\/programa-general\/","url":"https:\/\/cubaprimero.org\/es\/programa-general\/","name":"General Program - Cuba Primero","isPartOf":{"@id":"https:\/\/cubaprimero.org\/es\/#website"},"datePublished":"2021-02-23T10:04:36+00:00","dateModified":"2025-12-03T19:18:21+00:00","breadcrumb":{"@id":"https:\/\/cubaprimero.org\/es\/programa-general\/#breadcrumb"},"inLanguage":"en-US","potentialAction":[{"@type":"ReadAction","target":["https:\/\/cubaprimero.org\/es\/programa-general\/"]}]},{"@type":"BreadcrumbList","@id":"https:\/\/cubaprimero.org\/es\/programa-general\/#breadcrumb","itemListElement":[{"@type":"ListItem","position":1,"name":"Home","item":"https:\/\/cubaprimero.org\/"},{"@type":"ListItem","position":2,"name":"Programa General"}]},{"@type":"WebSite","@id":"https:\/\/cubaprimero.org\/es\/#website","url":"https:\/\/cubaprimero.org\/es\/","name":"Cuba First","description":"","publisher":{"@id":"https:\/\/cubaprimero.org\/es\/#organization"},"potentialAction":[{"@type":"SearchAction","target":{"@type":"EntryPoint","urlTemplate":"https:\/\/cubaprimero.org\/es\/?s={search_term_string}"},"query-input":{"@type":"PropertyValueSpecification","valueRequired":true,"valueName":"search_term_string"}}],"inLanguage":"en-US"},{"@type":"Organization","@id":"https:\/\/cubaprimero.org\/es\/#organization","name":"Cuba First","url":"https:\/\/cubaprimero.org\/es\/","logo":{"@type":"ImageObject","inLanguage":"en-US","@id":"https:\/\/cubaprimero.org\/es\/#\/schema\/logo\/image\/","url":"https:\/\/cubaprimero.org\/wp-content\/uploads\/2026\/04\/cropped-Estrella-BlancaCuba-primero-transparente-2-1-scaled-2.png","contentUrl":"https:\/\/cubaprimero.org\/wp-content\/uploads\/2026\/04\/cropped-Estrella-BlancaCuba-primero-transparente-2-1-scaled-2.png","width":2560,"height":852,"caption":"Cuba Primero"},"image":{"@id":"https:\/\/cubaprimero.org\/es\/#\/schema\/logo\/image\/"}}]}},"uagb_featured_image_src":{"full":false,"thumbnail":false,"medium":false,"medium_large":false,"large":false,"1536x1536":false,"2048x2048":false,"trp-custom-language-flag":false},"uagb_author_info":{"display_name":"Cuba Primero","author_link":"https:\/\/cubaprimero.org\/en\/author\/cubaprimero\/"},"uagb_comment_info":0,"uagb_excerpt":"Programa General del Movimiento de \u00abCuba Primero\u00bb (305) 846 &#8211; 4825 contacto@cubaprimero.org cubaprimero.org \u00cdndice Introducci\u00f3n. El Movimiento \u201cCUBA PRIMERO\u201d se establece como un movimiento pol\u00edtico en cuanto a la necesidad de elaborar un programa de gobierno\u00a0que sirva como motivaci\u00f3n y gu\u00eda que inspire la lucha por la liberaci\u00f3n de, primero, Cuba y luego como mecanismo&hellip;","_links":{"self":[{"href":"https:\/\/cubaprimero.org\/en\/wp-json\/wp\/v2\/pages\/9","targetHints":{"allow":["GET"]}}],"collection":[{"href":"https:\/\/cubaprimero.org\/en\/wp-json\/wp\/v2\/pages"}],"about":[{"href":"https:\/\/cubaprimero.org\/en\/wp-json\/wp\/v2\/types\/page"}],"author":[{"embeddable":true,"href":"https:\/\/cubaprimero.org\/en\/wp-json\/wp\/v2\/users\/2"}],"replies":[{"embeddable":true,"href":"https:\/\/cubaprimero.org\/en\/wp-json\/wp\/v2\/comments?post=9"}],"version-history":[{"count":137,"href":"https:\/\/cubaprimero.org\/en\/wp-json\/wp\/v2\/pages\/9\/revisions"}],"predecessor-version":[{"id":3469,"href":"https:\/\/cubaprimero.org\/en\/wp-json\/wp\/v2\/pages\/9\/revisions\/3469"}],"wp:attachment":[{"href":"https:\/\/cubaprimero.org\/en\/wp-json\/wp\/v2\/media?parent=9"}],"curies":[{"name":"wp","href":"https:\/\/api.w.org\/{rel}","templated":true}]}}